{"id":161085,"date":"2022-01-07T14:41:28","date_gmt":"2022-01-07T13:41:28","guid":{"rendered":"https:\/\/www.brandit-protection.com\/company-profile\/"},"modified":"2023-01-01T17:46:57","modified_gmt":"2023-01-01T16:46:57","slug":"profil-de-lentreprise","status":"publish","type":"page","link":"https:\/\/www.brandit-protection.com\/fr\/societe-et\/profil-de-lentreprise\/","title":{"rendered":"Profil de l&#8217;entreprise"},"content":{"rendered":"<div class=\"full-width-container header-image\"><div class=\"photo-origin\">Photo de <a href=\"https:\/\/unsplash.com\/@florianwehde?utm_source=unsplash&#038;utm_medium=referral&#038;utm_content=creditCopyText\" target=\"_blank\" rel=\"noopener\">Florian Wehde<\/a> par <a href=\"https:\/\/unsplash.com\/?utm_source=unsplash&#038;utm_medium=referral&#038;utm_content=creditCopyText\" target=\"_blank\" rel=\"noopener\">Unsplash<\/a><\/div><\/div>\r\n<div class=\"boxed-container page-intro\">\r\n<h1 class=\"black\">Des d\u00e9cennies d&#8217;exp\u00e9rience pour une meilleure protection<\/h1>\r\n<p>Depuis plus de 15 ans, Brand.it est votre expert pour les \u00e9tuis pour smartphones et tablettes avec votre logo ou votre design d&#8217;entreprise. Nos \u00e9tuis de protection haut de gamme sont sp\u00e9cialement con\u00e7us pour r\u00e9pondre aux besoins des entreprises clientes. Brand.it permet de prot\u00e9ger les smartphones et les tablettes, de r\u00e9duire les co\u00fbts de r\u00e9paration et d&#8217;accro\u00eetre la visibilit\u00e9 de votre marque.<\/p><\/div>\r\n<div class=\"flex brandit-mission boxed-container\">\r\n<div class=\"s-100 m-50 left-standard-padding\"><span class=\"h3-style\">Notre mission :<\/span><\/div>\r\n<div class=\"s-100 m-50\"><p>Brand.it fournit aux entreprises du monde entier des \u00e9tuis pour t\u00e9l\u00e9phones portables et tablettes avec leur logo. En tant que one-stop-shop dans ce domaine, notre objectif est de conseiller les clients rapidement, facilement et de mani\u00e8re fiable avec un service personnel et de r\u00e9aliser ainsi de mani\u00e8re fiable votre projet commercial individuel.<\/p><\/div>\r\n<\/div>\r\n\r\n<div class=\"flex brandit-vision boxed-container\">\r\n<div class=\"s-100 m-50 left-standard-padding\"><div class=\"bg-container\"><\/div><\/div>\r\n<div class=\"s-100 m-50\"><p class=\"h3-style\">Notre vision :<\/p><p>En fabriquant des \u00e9tuis de haute qualit\u00e9 pour t\u00e9l\u00e9phones portables et tablettes, nous poursuivons la vision de g\u00e9n\u00e9rer une valeur ajout\u00e9e \u00e9conomique mesurable pour les entreprises clientes.<\/p><p>Nos \u00e9tuis de protection prolongent la dur\u00e9e de vie des appareils \u00e9lectroniques et contribuent \u00e0 garantir la disponibilit\u00e9 et la productivit\u00e9 continues des employ\u00e9s. En m\u00eame temps, elles prot\u00e8gent les actifs d&#8217;une entreprise et cr\u00e9ent un canal pour accro\u00eetre la visibilit\u00e9 de la marque.<\/p><p>Par ces aspects, mais aussi par notre engagement \u00e0 prot\u00e9ger les ressources, \u00e0 \u00e9conomiser les \u00e9missions et \u00e0 respecter les normes sociales, nous assumons la responsabilit\u00e9 de notre environnement et agissons de mani\u00e8re durable sur le long terme.<\/p><a class=\"brandit-button\" href=\"\/fr\/societe-et\/durabilite\/\">Notre engagement durable<\/a><\/div>\r\n<\/div>\r\n<div class=\"flex boxed-container brandit-values white\">\r\n<div class=\"s-100 m-33\"><span class=\"h3-style\">Grav\u00e9es dans la pierre : <br>Nos valeurs<\/span><div class=\"spacer\"><\/div><\/div>\r\n<div class=\"s-100 m-67\"><p>Nous agissons et op\u00e9rons d&#8217;une mani\u00e8re ouverte sur le monde, tol\u00e9rante, inclusive et \u00e9galitaire. Nous cultivons un comportement respectueux, responsable, tourn\u00e9 vers l&#8217;avenir et transparent les uns envers les autres et envers les clients ou partenaires. Nous voulons utiliser les ressources de toute nature de mani\u00e8re raisonnable et efficace. Cela prot\u00e8ge notre environnement et constitue la base du succ\u00e8s \u00e9conomique. Sur cette base, nous voulons pr\u00e9server les emplois \u00e0 long terme ou en cr\u00e9er de nouveaux \u00e0 l&#8217;avenir.<\/p><p>Nous ne travaillons pas pour des entreprises, des particuliers, des associations, des institutions et des prestataires de services qui violent la Constitution allemande, les droits de l&#8217;homme, le bien commun et le Pacte mondial des Nations unies. En outre, nous excluons toute coop\u00e9ration avec les partis politiques de droite ainsi qu&#8217;avec les entreprises de l&#8217;industrie du tabac et de l&#8217;armement.<\/p><p>Nous mesurons la coop\u00e9ration potentielle avec les clients, les partenaires et les candidats \u00e0 l&#8217;aune de ces valeurs.<\/p><div>\r\n<\/div>\r\n<\/div>\r\n<\/div>\r\n<div class=\"brandit-timeline boxed-container\">\r\n<span class=\"h3-style\">L&#8217;histoire de Brand.it :<\/span>\r\n<div class=\"brandit-event\">\r\n  <div class=\"timeline-circle\"><\/div>\r\n  <div class=\"time\">F\u00e9vrier 2006<\/div>\r\n  <div class=\"event\"><span>Pendant ses \u00e9tudes pour devenir ing\u00e9nieur industriel, Markus Teufel fonde &#8216;teutu notebookdesign&#8217; en tant qu&#8217;entreprise individuelle. Le premier espace de bureau de 15 m\u00b2 est situ\u00e9 \u00e0 Tuttlingen, la ville natale du fondateur.<\/span><\/div>\r\n<\/div>\r\n\r\n<div class=\"brandit-event\">\r\n  <div class=\"timeline-circle\"><\/div>\r\n  <div class=\"time\">2007<\/div>\r\n  <div class=\"event\"><span>L&#8217;entreprise se d\u00e9veloppe r\u00e9guli\u00e8rement. Pour faire face \u00e0 cette croissance, nous d\u00e9m\u00e9nageons dans des locaux plus grands. De l\u00e0, un r\u00e9seau logistique professionnel peut maintenant \u00eatre \u00e9tabli et l&#8217;exp\u00e9dition de grandes quantit\u00e9s de commandes peut \u00eatre assur\u00e9e.<\/span><\/div>\r\n<\/div>\r\n\r\n<div class=\"brandit-event\">\r\n  <div class=\"timeline-circle\"><\/div>\r\n  <div class=\"time\">2010<\/div>\r\n  <div class=\"event\"><span>Avec l&#8217;invention de l&#8217;iPad\u2122, la demande de marquage par logo augmente \u00e9norm\u00e9ment. L&#8217;accent mis sur la personnalisation de l&#8217;iPad\u2122 et de l&#8217;iPhone\u2122 s&#8217;av\u00e8re \u00eatre une base importante pour la poursuite du processus de croissance.<\/span><\/div>\r\n<\/div>\r\n\r\n<div class=\"brandit-event\">\r\n  <div class=\"timeline-circle\"><\/div>\r\n  <div class=\"time\">2011<\/div>\r\n  <div class=\"event\"><span>A fond\u00e9 la boutique en ligne BrandDevil pour r\u00e9pondre aux demandes \u00e0 faible volume des consommateurs et des entreprises par le biais d&#8217;un configurateur en ligne. La boutique en ligne offre \u00e9galement une connectivit\u00e9 \u00e0 40 000 produits mat\u00e9riels et accessoires Apple\u2122. Apr\u00e8s seulement deux ans, la boutique est vendue avec succ\u00e8s.<\/span><\/div>\r\n<\/div>\r\n\r\n<div class=\"brandit-event\">\r\n  <div class=\"timeline-circle\"><\/div>\r\n  <div class=\"time\">Novembre 2012<\/div>\r\n  <div class=\"event\"><span>La demande de produits Apple\u2122 personnalis\u00e9s augmente rapidement. Les marchandises entrent d\u00e9sormais en production par lots. Pour faire face \u00e0 ce volume \u00e9lev\u00e9, nous agrandissons le bureau et la production et d\u00e9m\u00e9nageons dans des locaux plus grands.<\/span><\/div>\r\n<\/div>\r\n\r\n<div class=\"brandit-event\">\r\n  <div class=\"timeline-circle\"><\/div>\r\n  <div class=\"time\">Avril 2013<\/div>\r\n  <div class=\"event\"><span>Fondation de la soci\u00e9t\u00e9 brandolino GmbH, bas\u00e9e \u00e0 Zurich,<br>pour d\u00e9velopper le march\u00e9 suisse.<\/span><\/div>\r\n<\/div>\r\n\r\n<div class=\"brandit-event\">\r\n  <div class=\"timeline-circle\"><\/div>\r\n  <div class=\"time\">Octobre 2015<\/div>\r\n  <div class=\"event\"><span>D\u00e9placement du si\u00e8ge social du sud de l&#8217;Allemagne \u00e0 Berlin. Le flair international de la capitale nous donne un coup de pouce et nous commen\u00e7ons l&#8217;internationalisation. Notre production reste dans le sud de l&#8217;Allemagne pour maintenir la qualit\u00e9 et la fiabilit\u00e9.<\/span><\/div>\r\n<\/div>\r\n\r\n<div class=\"brandit-event\">\r\n  <div class=\"timeline-circle\"><\/div>\r\n  <div class=\"time\">Octobre 2016<\/div>\r\n  <div class=\"event\"><span>Ouverture de notre bureau de Hong Kong, qui se concentre sur le d\u00e9veloppement de produits, le contr\u00f4le de la qualit\u00e9 et l&#8217;achat de marchandises.<\/span><\/div>\r\n<\/div>\r\n\r\n<div class=\"brandit-event\">\r\n  <div class=\"timeline-circle\"><\/div>\r\n  <div class=\"time\">2017<\/div>\r\n  <div class=\"event\"><span>Apr\u00e8s une expansion r\u00e9ussie en Europe, nous nous aventurons en Am\u00e9rique avec la fondation de Brand.it Inc. bas\u00e9e en Californie. En parall\u00e8le, nous introduisons un programme de revendeurs B2B pour nous d\u00e9velopper \u00e0 l&#8217;international avec des partenaires s\u00e9lectionn\u00e9s.<\/span><\/div>\r\n<\/div>\r\n\r\n<div class=\"brandit-event\">\r\n  <div class=\"timeline-circle\"><\/div>\r\n  <div class=\"time\">2018<\/div>\r\n  <div class=\"event\"><span>Ouverture d&#8217;un nouveau site de production \u00e0 Shenzhen, en Chine, et automatisation croissante de toutes les interfaces de l&#8217;entreprise dans le but de collaborer plus efficacement et de toujours pouvoir fournir aux clients des informations transparentes sur leurs commandes.<\/span><\/div>\r\n<\/div>\r\n\r\n<div class=\"brandit-event\">\r\n  <div class=\"timeline-circle\"><\/div>\r\n  <div class=\"time\">2020<\/div>\r\n  <div class=\"event\"><span>Coop\u00e9ration avec le 5000e client, d\u00e9m\u00e9nagement \u00e0 Berlin dans un nouveau bureau et r\u00e9organisation du d\u00e9partement des ventes.<\/span><\/div>\r\n<\/div>\r\n\r\n<div class=\"brandit-event\">\r\n  <div class=\"timeline-circle\"><\/div>\r\n  <div class=\"time\">2022<\/div>\r\n  <div class=\"event\"><span>Nous restons Brand.it, mais nous nous repositionnons strat\u00e9giquement. Gr\u00e2ce \u00e0 un relancement de la marque, nous commen\u00e7ons \u00e0 rafra\u00eechir notre image externe et \u00e0 r\u00e9pondre aux nouveaux besoins des d\u00e9cideurs B2B. Plus num\u00e9rique. Plus moderne. Plus clairs.<\/span><\/div>\r\n<\/div>\r\n<div class=\"brandit-event\">\r\n  <div class=\"timeline-circle\"><\/div>\r\n  <div class=\"time\">2023<\/div>\r\n  <div class=\"event\"><span>Le cr\u00e9ateur Markus Teufel vend l&#8217;entreprise qu&#8217;il avait cr\u00e9\u00e9e en 2006 pendant ses \u00e9tudes \u00e0 la soci\u00e9t\u00e9 mbw Vertriebsges. mbH de Wanderup. L&#8217;entreprise peut d\u00e9sormais profiter de la force du groupe JCK et passer \u00e0 l&#8217;\u00e9tape suivante de sa croissance.<\/span><\/div>\r\n<\/div>\r\n<\/div>","protected":false},"excerpt":{"rendered":"Photo de Florian Wehde par Unsplash Des d\u00e9cennies d&#8217;exp\u00e9rience pour une meilleure protection Depuis plus de 15 ans, Brand.it est votre expert pour les \u00e9tuis pour smartphones et tablettes avec votre logo ou votre design d&#8217;entreprise. Nos \u00e9tuis de protection haut de gamme sont sp\u00e9cialement con\u00e7us pour r\u00e9pondre aux besoins des entreprises clientes. Brand.it permet [&hellip;]","protected":false},"author":1480,"featured_media":0,"parent":139052,"menu_order":0,"comment_status":"closed","ping_status":"closed","template":"cls-optimized-page.php","meta":{"_kad_blocks_custom_css":"","_kad_blocks_head_custom_js":"","_kad_blocks_body_custom_js":"","_kad_blocks_footer_custom_js":"","footnotes":""},"class_list":["post-161085","page","type-page","status-publish","hentry"],"acf":[],"taxonomy_info":[],"featured_image_src_large":false,"author_info":{"display_name":"Philipp Kr\u00fcger","author_link":"https:\/\/www.brandit-protection.com\/fr\/author\/philipp-kruegerzoho-com\/"},"comment_info":0,"_links":{"self":[{"href":"https:\/\/www.brandit-protection.com\/fr\/wp-json\/wp\/v2\/pages\/161085","targetHints":{"allow":["GET"]}}],"collection":[{"href":"https:\/\/www.brandit-protection.com\/fr\/wp-json\/wp\/v2\/pages"}],"about":[{"href":"https:\/\/www.brandit-protection.com\/fr\/wp-json\/wp\/v2\/types\/page"}],"author":[{"embeddable":true,"href":"https:\/\/www.brandit-protection.com\/fr\/wp-json\/wp\/v2\/users\/1480"}],"replies":[{"embeddable":true,"href":"https:\/\/www.brandit-protection.com\/fr\/wp-json\/wp\/v2\/comments?post=161085"}],"version-history":[{"count":3,"href":"https:\/\/www.brandit-protection.com\/fr\/wp-json\/wp\/v2\/pages\/161085\/revisions"}],"predecessor-version":[{"id":176378,"href":"https:\/\/www.brandit-protection.com\/fr\/wp-json\/wp\/v2\/pages\/161085\/revisions\/176378"}],"up":[{"embeddable":true,"href":"https:\/\/www.brandit-protection.com\/fr\/wp-json\/wp\/v2\/pages\/139052"}],"wp:attachment":[{"href":"https:\/\/www.brandit-protection.com\/fr\/wp-json\/wp\/v2\/media?parent=161085"}],"curies":[{"name":"wp","href":"https:\/\/api.w.org\/{rel}","templated":true}]}}