{"id":167861,"date":"2022-07-29T15:05:29","date_gmt":"2022-07-29T14:05:29","guid":{"rendered":"https:\/\/www.brandit-protection.com\/?post_type=product&#038;p=167861"},"modified":"2022-12-04T12:45:11","modified_gmt":"2022-12-04T11:45:11","slug":"tablet-and-laptop-sleeve-with-zipper","status":"publish","type":"product","link":"https:\/\/www.brandit-protection.com\/fr\/boutique\/tablet-and-laptop-sleeve-with-zipper\/","title":{"rendered":"Etui n\u00e9opr\u00e8ne pour tablette et laptop avec fermeture \u00e9clair"},"content":{"rendered":"","protected":false},"excerpt":{"rendered":"La coque de la tablette \/ de laptop est fabriqu\u00e9e en n\u00e9opr\u00e8ne robuste et prot\u00e8ge efficacement l\u2019outil de travail mobile contre les rayures et les chutes. La fermeture \u00e9clair s\u2019ouvre sur trois c\u00f4t\u00e9s, ce qui permet de retirer facilement la tablette ou l\u2019ordinateur portable. La couleur de base est le blanc. C\u2019est pourquoi le sleeve est personnalis\u00e9 sur toute sa surface et des deux c\u00f4t\u00e9s par sublimation avec des motifs ou des photos au choix.","protected":false},"featured_media":179315,"template":"","meta":{"_kad_blocks_custom_css":"","_kad_blocks_head_custom_js":"","_kad_blocks_body_custom_js":"","_kad_blocks_footer_custom_js":""},"product_brand":[],"product_cat":[3208],"product_tag":[1459,2891,1688,1462],"product_faqs":[],"class_list":{"0":"post-167861","1":"product","2":"type-product","3":"status-publish","4":"has-post-thumbnail","6":"product_cat-iphone-15-plus-apple-fr","7":"product_tag-lemploi-quotidien","8":"product_tag-laptop-fr","9":"product_tag-tablet-fr","10":"product_tag-utilisation-du-bureau","11":"product_shipping_class-tablets-fold-it-display-fr","12":"pa_color-blanc","13":"pa_model-11-pouce","14":"pa_model-12-pouce","15":"pa_model-13-pouce","16":"pa_model-14-pouce","17":"pa_model-15-pouce","18":"pa_model-9-pouce","19":"pa_personalization-cases-without-logo-fr","20":"pa_personalization-fullsize-image-printing-fr","22":"first","23":"instock","24":"taxable","25":"shipping-taxable","26":"purchasable","27":"product-type-variable","28":"has-default-attributes","29":"rtwpvs-product"},"acf":[],"taxonomy_info":{"product_cat":[{"value":3208,"label":"iPhone 15 plus"}],"product_tag":[{"value":1459,"label":"l&#039;emploi quotidien"},{"value":2891,"label":"laptop"},{"value":1688,"label":"tablet"},{"value":1462,"label":"Utilisation du bureau"}],"pa_color":[{"value":1034,"label":"blanc"}],"pa_model":[{"value":3247,"label":"11 pouce"},{"value":3248,"label":"12 pouce"},{"value":3249,"label":"13 pouce"},{"value":3250,"label":"14 pouce"},{"value":3251,"label":"15 pouce"},{"value":3246,"label":"9 pouce"}],"pa_personalization":[{"value":1537,"label":"Houses sans logo"},{"value":1535,"label":"Impression d&#039;images en taille r\u00e9elle"}]},"featured_image_src_large":["https:\/\/www.brandit-protection.com\/wp-content\/uploads\/tablet-sleeve-neopren-huelle-mit-individuellem-firmenlogo-6-1024x1024.jpg",1024,1024,true],"author_info":[],"comment_info":"","_links":{"self":[{"href":"https:\/\/www.brandit-protection.com\/fr\/wp-json\/wp\/v2\/product\/167861","targetHints":{"allow":["GET"]}}],"collection":[{"href":"https:\/\/www.brandit-protection.com\/fr\/wp-json\/wp\/v2\/product"}],"about":[{"href":"https:\/\/www.brandit-protection.com\/fr\/wp-json\/wp\/v2\/types\/product"}],"wp:featuredmedia":[{"embeddable":true,"href":"https:\/\/www.brandit-protection.com\/fr\/wp-json\/wp\/v2\/media\/179315"}],"wp:attachment":[{"href":"https:\/\/www.brandit-protection.com\/fr\/wp-json\/wp\/v2\/media?parent=167861"}],"wp:term":[{"taxonomy":"product_brand","embeddable":true,"href":"https:\/\/www.brandit-protection.com\/fr\/wp-json\/wp\/v2\/product_brand?post=167861"},{"taxonomy":"product_cat","embeddable":true,"href":"https:\/\/www.brandit-protection.com\/fr\/wp-json\/wp\/v2\/product_cat?post=167861"},{"taxonomy":"product_tag","embeddable":true,"href":"https:\/\/www.brandit-protection.com\/fr\/wp-json\/wp\/v2\/product_tag?post=167861"},{"taxonomy":"product_faqs","embeddable":true,"href":"https:\/\/www.brandit-protection.com\/fr\/wp-json\/wp\/v2\/product_faqs?post=167861"}],"curies":[{"name":"wp","href":"https:\/\/api.w.org\/{rel}","templated":true}]}}